{"id":96,"date":"2025-07-07T09:04:23","date_gmt":"2025-07-07T09:04:23","guid":{"rendered":"https:\/\/lluisbastudio.com\/?page_id=96"},"modified":"2025-07-07T10:03:27","modified_gmt":"2025-07-07T10:03:27","slug":"96-2","status":"publish","type":"page","link":"https:\/\/lluisbastudio.com\/?page_id=96","title":{"rendered":"Detr\u00e1s de"},"content":{"rendered":"\n<div class=\"wp-block-media-text is-stacked-on-mobile is-image-fill-element\" style=\"grid-template-columns:29% auto\"><figure class=\"wp-block-media-text__media\"><img fetchpriority=\"high\" decoding=\"async\" width=\"1024\" height=\"1024\" src=\"https:\/\/lluisbastudio.com\/wp-content\/uploads\/2025\/07\/asasrr-1-1024x1024.jpg\" alt=\"\" class=\"wp-image-110 size-full\" style=\"object-position:50% 50%\" srcset=\"https:\/\/lluisbastudio.com\/wp-content\/uploads\/2025\/07\/asasrr-1-1024x1024.jpg 1024w, https:\/\/lluisbastudio.com\/wp-content\/uploads\/2025\/07\/asasrr-1-300x300.jpg 300w, https:\/\/lluisbastudio.com\/wp-content\/uploads\/2025\/07\/asasrr-1-150x150.jpg 150w, https:\/\/lluisbastudio.com\/wp-content\/uploads\/2025\/07\/asasrr-1-768x768.jpg 768w, https:\/\/lluisbastudio.com\/wp-content\/uploads\/2025\/07\/asasrr-1-1536x1536.jpg 1536w, https:\/\/lluisbastudio.com\/wp-content\/uploads\/2025\/07\/asasrr-1.jpg 1547w\" sizes=\"(max-width: 1024px) 100vw, 1024px\" \/><\/figure><div class=\"wp-block-media-text__content\">\n<p class=\"wp-block-paragraph\">Llu\u00eds Balcells es arquitecto especializado en visualizaci\u00f3n arquitect\u00f3nica (Archviz). Con m\u00e1s de diez a\u00f1os de experiencia en el sector, combina formaci\u00f3n t\u00e9cnica y sensibilidad visual para crear im\u00e1genes que comunican espacios de forma realista, precisa y evocadora.<\/p>\n\n\n\n<p class=\"wp-block-paragraph\">Tras completar sus estudios en Arquitectura, comenz\u00f3 su trayectoria profesional en el \u00e1mbito de la representaci\u00f3n visual, desarrollando un enfoque que equilibra el detalle t\u00e9cnico con la narrativa visual. Su trabajo destaca por la capacidad de transformar proyectos en im\u00e1genes que transmiten no solo forma y funci\u00f3n, sino tambi\u00e9n atm\u00f3sfera y emoci\u00f3n.<\/p>\n\n\n\n<p class=\"wp-block-paragraph\">En 2020 fund\u00f3 <strong>Lluisba\u00b7Studio<\/strong>, un estudio creativo dedicado a la producci\u00f3n de renders fotorrealistas para arquitectura, interiorismo y dise\u00f1o. Desde entonces, ha colaborado con estudios de arquitectura, promotoras y marcas del sector, ofreciendo soluciones visuales de alta calidad adaptadas a las necesidades de cada cliente.<\/p>\n\n\n\n<p class=\"wp-block-paragraph\">A trav\u00e9s de Lluisba\u00b7Studio, Llu\u00eds Balcells ofrece un servicio profesional, riguroso y orientado a resultados, con el objetivo de ayudar a visualizar y comunicar ideas con claridad, impacto y valor est\u00e9tico.<\/p>\n\n\n\n<p class=\"wp-block-paragraph\"><\/p>\n\n\n\n<p class=\"wp-block-paragraph\"><\/p>\n<\/div><\/div>\n\n\n\n<p class=\"wp-block-paragraph\"><\/p>\n\n\n\n<p class=\"wp-block-paragraph\"><\/p>\n\n\n\n<hr class=\"wp-block-separator has-css-opacity is-style-default\"\/>\n\n\n\n<p class=\"has-text-align-center wp-block-paragraph\"><em>Si tienes un proyecto en mente o simplemente quieres saber m\u00e1s sobre c\u00f3mo trabaja, estar\u00e1 encantado de hablar escribi\u00e9ndole a <strong>lluisbastudio@gmail.com<\/strong><\/em><\/p>\n\n\n\n<hr class=\"wp-block-separator has-css-opacity is-style-default\"\/>\n\n\n\n<blockquote class=\"wp-block-quote has-text-align-center is-style-large is-layout-flow wp-block-quote-is-layout-flow\">\n<p class=\"wp-block-paragraph\"><\/p>\n<\/blockquote>\n\n\n\n<p class=\"wp-block-paragraph\"><\/p>\n","protected":false},"excerpt":{"rendered":"<p>Llu\u00eds Balcells es arquitecto especializado en visualizaci\u00f3n arquitect\u00f3nica (Archviz). Con m\u00e1s de diez a\u00f1os de experiencia en el sector, combina formaci\u00f3n t\u00e9cnica y sensibilidad visual para crear im\u00e1genes que comunican espacios de forma realista, precisa y evocadora. Tras completar sus estudios en Arquitectura, comenz\u00f3 su trayectoria profesional en el \u00e1mbito de la representaci\u00f3n visual, desarrollando&hellip;&nbsp;<\/p>\n","protected":false},"author":1,"featured_media":0,"parent":0,"menu_order":0,"comment_status":"closed","ping_status":"closed","template":"","meta":{"neve_meta_sidebar":"","neve_meta_container":"","neve_meta_enable_content_width":"","neve_meta_content_width":0,"neve_meta_title_alignment":"","neve_meta_author_avatar":"","neve_post_elements_order":"","neve_meta_disable_header":"","neve_meta_disable_footer":"","neve_meta_disable_title":"","footnotes":""},"class_list":["post-96","page","type-page","status-publish","hentry"],"yoast_head":"<!-- This site is optimized with the Yoast SEO plugin v27.3 - https:\/\/yoast.com\/product\/yoast-seo-wordpress\/ -->\n<title>Detr\u00e1s de - Lluisba\u00b7studio<\/title>\n<meta name=\"description\" content=\"Arquitecto especializado en renders y visualizaci\u00f3n 3D. Fundador de Lluisba\u00b7Studio, im\u00e1genes arquitect\u00f3nicas realistas y profesionales.\" \/>\n<meta name=\"robots\" content=\"index, follow, max-snippet:-1, max-image-preview:large, max-video-preview:-1\" \/>\n<link rel=\"canonical\" href=\"https:\/\/lluisbastudio.com\/?page_id=96\" \/>\n<meta property=\"og:locale\" content=\"es_ES\" \/>\n<meta property=\"og:type\" content=\"article\" \/>\n<meta property=\"og:title\" content=\"Detr\u00e1s de - Lluisba\u00b7studio\" \/>\n<meta property=\"og:description\" content=\"Arquitecto especializado en renders y visualizaci\u00f3n 3D. Fundador de Lluisba\u00b7Studio, im\u00e1genes arquitect\u00f3nicas realistas y profesionales.\" \/>\n<meta property=\"og:url\" content=\"https:\/\/lluisbastudio.com\/?page_id=96\" \/>\n<meta property=\"og:site_name\" content=\"Lluisba\u00b7studio\" \/>\n<meta property=\"article:modified_time\" content=\"2025-07-07T10:03:27+00:00\" \/>\n<meta property=\"og:image\" content=\"https:\/\/lluisbastudio.com\/wp-content\/uploads\/2025\/07\/asasrr-1.jpg\" \/>\n\t<meta property=\"og:image:width\" content=\"1547\" \/>\n\t<meta property=\"og:image:height\" content=\"1547\" \/>\n\t<meta property=\"og:image:type\" content=\"image\/jpeg\" \/>\n<meta name=\"twitter:card\" content=\"summary_large_image\" \/>\n<meta name=\"twitter:label1\" content=\"Tiempo de lectura\" \/>\n\t<meta name=\"twitter:data1\" content=\"2 minutos\" \/>\n<script type=\"application\/ld+json\" class=\"yoast-schema-graph\">{\"@context\":\"https:\\\/\\\/schema.org\",\"@graph\":[{\"@type\":\"WebPage\",\"@id\":\"https:\\\/\\\/lluisbastudio.com\\\/?page_id=96\",\"url\":\"https:\\\/\\\/lluisbastudio.com\\\/?page_id=96\",\"name\":\"Detr\u00e1s de - Lluisba\u00b7studio\",\"isPartOf\":{\"@id\":\"https:\\\/\\\/lluisbastudio.com\\\/#website\"},\"primaryImageOfPage\":{\"@id\":\"https:\\\/\\\/lluisbastudio.com\\\/?page_id=96#primaryimage\"},\"image\":{\"@id\":\"https:\\\/\\\/lluisbastudio.com\\\/?page_id=96#primaryimage\"},\"thumbnailUrl\":\"https:\\\/\\\/lluisbastudio.com\\\/wp-content\\\/uploads\\\/2025\\\/07\\\/asasrr-1-1024x1024.jpg\",\"datePublished\":\"2025-07-07T09:04:23+00:00\",\"dateModified\":\"2025-07-07T10:03:27+00:00\",\"description\":\"Arquitecto especializado en renders y visualizaci\u00f3n 3D. Fundador de Lluisba\u00b7Studio, im\u00e1genes arquitect\u00f3nicas realistas y profesionales.\",\"breadcrumb\":{\"@id\":\"https:\\\/\\\/lluisbastudio.com\\\/?page_id=96#breadcrumb\"},\"inLanguage\":\"es\",\"potentialAction\":[{\"@type\":\"ReadAction\",\"target\":[\"https:\\\/\\\/lluisbastudio.com\\\/?page_id=96\"]}]},{\"@type\":\"ImageObject\",\"inLanguage\":\"es\",\"@id\":\"https:\\\/\\\/lluisbastudio.com\\\/?page_id=96#primaryimage\",\"url\":\"https:\\\/\\\/lluisbastudio.com\\\/wp-content\\\/uploads\\\/2025\\\/07\\\/asasrr-1.jpg\",\"contentUrl\":\"https:\\\/\\\/lluisbastudio.com\\\/wp-content\\\/uploads\\\/2025\\\/07\\\/asasrr-1.jpg\",\"width\":1547,\"height\":1547},{\"@type\":\"BreadcrumbList\",\"@id\":\"https:\\\/\\\/lluisbastudio.com\\\/?page_id=96#breadcrumb\",\"itemListElement\":[{\"@type\":\"ListItem\",\"position\":1,\"name\":\"Portada\",\"item\":\"https:\\\/\\\/lluisbastudio.com\\\/\"},{\"@type\":\"ListItem\",\"position\":2,\"name\":\"Detr\u00e1s de\"}]},{\"@type\":\"WebSite\",\"@id\":\"https:\\\/\\\/lluisbastudio.com\\\/#website\",\"url\":\"https:\\\/\\\/lluisbastudio.com\\\/\",\"name\":\"Lluisba\u00b7studio\",\"description\":\"VISUALIZACI\u00d3N ARQUITECT\u00d3NICA\",\"publisher\":{\"@id\":\"https:\\\/\\\/lluisbastudio.com\\\/#organization\"},\"potentialAction\":[{\"@type\":\"SearchAction\",\"target\":{\"@type\":\"EntryPoint\",\"urlTemplate\":\"https:\\\/\\\/lluisbastudio.com\\\/?s={search_term_string}\"},\"query-input\":{\"@type\":\"PropertyValueSpecification\",\"valueRequired\":true,\"valueName\":\"search_term_string\"}}],\"inLanguage\":\"es\"},{\"@type\":\"Organization\",\"@id\":\"https:\\\/\\\/lluisbastudio.com\\\/#organization\",\"name\":\"Lluisba\u00b7studio\",\"url\":\"https:\\\/\\\/lluisbastudio.com\\\/\",\"logo\":{\"@type\":\"ImageObject\",\"inLanguage\":\"es\",\"@id\":\"https:\\\/\\\/lluisbastudio.com\\\/#\\\/schema\\\/logo\\\/image\\\/\",\"url\":\"https:\\\/\\\/lluisbastudio.com\\\/wp-content\\\/uploads\\\/2025\\\/07\\\/cropped-LB-STUDIO_BLANC_PNG.png\",\"contentUrl\":\"https:\\\/\\\/lluisbastudio.com\\\/wp-content\\\/uploads\\\/2025\\\/07\\\/cropped-LB-STUDIO_BLANC_PNG.png\",\"width\":640,\"height\":640,\"caption\":\"Lluisba\u00b7studio\"},\"image\":{\"@id\":\"https:\\\/\\\/lluisbastudio.com\\\/#\\\/schema\\\/logo\\\/image\\\/\"}}]}<\/script>\n<!-- \/ Yoast SEO plugin. -->","yoast_head_json":{"title":"Detr\u00e1s de - Lluisba\u00b7studio","description":"Arquitecto especializado en renders y visualizaci\u00f3n 3D. Fundador de Lluisba\u00b7Studio, im\u00e1genes arquitect\u00f3nicas realistas y profesionales.","robots":{"index":"index","follow":"follow","max-snippet":"max-snippet:-1","max-image-preview":"max-image-preview:large","max-video-preview":"max-video-preview:-1"},"canonical":"https:\/\/lluisbastudio.com\/?page_id=96","og_locale":"es_ES","og_type":"article","og_title":"Detr\u00e1s de - Lluisba\u00b7studio","og_description":"Arquitecto especializado en renders y visualizaci\u00f3n 3D. Fundador de Lluisba\u00b7Studio, im\u00e1genes arquitect\u00f3nicas realistas y profesionales.","og_url":"https:\/\/lluisbastudio.com\/?page_id=96","og_site_name":"Lluisba\u00b7studio","article_modified_time":"2025-07-07T10:03:27+00:00","og_image":[{"width":1547,"height":1547,"url":"https:\/\/lluisbastudio.com\/wp-content\/uploads\/2025\/07\/asasrr-1.jpg","type":"image\/jpeg"}],"twitter_card":"summary_large_image","twitter_misc":{"Tiempo de lectura":"2 minutos"},"schema":{"@context":"https:\/\/schema.org","@graph":[{"@type":"WebPage","@id":"https:\/\/lluisbastudio.com\/?page_id=96","url":"https:\/\/lluisbastudio.com\/?page_id=96","name":"Detr\u00e1s de - Lluisba\u00b7studio","isPartOf":{"@id":"https:\/\/lluisbastudio.com\/#website"},"primaryImageOfPage":{"@id":"https:\/\/lluisbastudio.com\/?page_id=96#primaryimage"},"image":{"@id":"https:\/\/lluisbastudio.com\/?page_id=96#primaryimage"},"thumbnailUrl":"https:\/\/lluisbastudio.com\/wp-content\/uploads\/2025\/07\/asasrr-1-1024x1024.jpg","datePublished":"2025-07-07T09:04:23+00:00","dateModified":"2025-07-07T10:03:27+00:00","description":"Arquitecto especializado en renders y visualizaci\u00f3n 3D. Fundador de Lluisba\u00b7Studio, im\u00e1genes arquitect\u00f3nicas realistas y profesionales.","breadcrumb":{"@id":"https:\/\/lluisbastudio.com\/?page_id=96#breadcrumb"},"inLanguage":"es","potentialAction":[{"@type":"ReadAction","target":["https:\/\/lluisbastudio.com\/?page_id=96"]}]},{"@type":"ImageObject","inLanguage":"es","@id":"https:\/\/lluisbastudio.com\/?page_id=96#primaryimage","url":"https:\/\/lluisbastudio.com\/wp-content\/uploads\/2025\/07\/asasrr-1.jpg","contentUrl":"https:\/\/lluisbastudio.com\/wp-content\/uploads\/2025\/07\/asasrr-1.jpg","width":1547,"height":1547},{"@type":"BreadcrumbList","@id":"https:\/\/lluisbastudio.com\/?page_id=96#breadcrumb","itemListElement":[{"@type":"ListItem","position":1,"name":"Portada","item":"https:\/\/lluisbastudio.com\/"},{"@type":"ListItem","position":2,"name":"Detr\u00e1s de"}]},{"@type":"WebSite","@id":"https:\/\/lluisbastudio.com\/#website","url":"https:\/\/lluisbastudio.com\/","name":"Lluisba\u00b7studio","description":"VISUALIZACI\u00d3N ARQUITECT\u00d3NICA","publisher":{"@id":"https:\/\/lluisbastudio.com\/#organization"},"potentialAction":[{"@type":"SearchAction","target":{"@type":"EntryPoint","urlTemplate":"https:\/\/lluisbastudio.com\/?s={search_term_string}"},"query-input":{"@type":"PropertyValueSpecification","valueRequired":true,"valueName":"search_term_string"}}],"inLanguage":"es"},{"@type":"Organization","@id":"https:\/\/lluisbastudio.com\/#organization","name":"Lluisba\u00b7studio","url":"https:\/\/lluisbastudio.com\/","logo":{"@type":"ImageObject","inLanguage":"es","@id":"https:\/\/lluisbastudio.com\/#\/schema\/logo\/image\/","url":"https:\/\/lluisbastudio.com\/wp-content\/uploads\/2025\/07\/cropped-LB-STUDIO_BLANC_PNG.png","contentUrl":"https:\/\/lluisbastudio.com\/wp-content\/uploads\/2025\/07\/cropped-LB-STUDIO_BLANC_PNG.png","width":640,"height":640,"caption":"Lluisba\u00b7studio"},"image":{"@id":"https:\/\/lluisbastudio.com\/#\/schema\/logo\/image\/"}}]}},"_links":{"self":[{"href":"https:\/\/lluisbastudio.com\/index.php?rest_route=\/wp\/v2\/pages\/96","targetHints":{"allow":["GET"]}}],"collection":[{"href":"https:\/\/lluisbastudio.com\/index.php?rest_route=\/wp\/v2\/pages"}],"about":[{"href":"https:\/\/lluisbastudio.com\/index.php?rest_route=\/wp\/v2\/types\/page"}],"author":[{"embeddable":true,"href":"https:\/\/lluisbastudio.com\/index.php?rest_route=\/wp\/v2\/users\/1"}],"replies":[{"embeddable":true,"href":"https:\/\/lluisbastudio.com\/index.php?rest_route=%2Fwp%2Fv2%2Fcomments&post=96"}],"version-history":[{"count":15,"href":"https:\/\/lluisbastudio.com\/index.php?rest_route=\/wp\/v2\/pages\/96\/revisions"}],"predecessor-version":[{"id":125,"href":"https:\/\/lluisbastudio.com\/index.php?rest_route=\/wp\/v2\/pages\/96\/revisions\/125"}],"wp:attachment":[{"href":"https:\/\/lluisbastudio.com\/index.php?rest_route=%2Fwp%2Fv2%2Fmedia&parent=96"}],"curies":[{"name":"wp","href":"https:\/\/api.w.org\/{rel}","templated":true}]}}